{"id":85,"date":"2023-04-18T00:27:46","date_gmt":"2023-04-18T03:27:46","guid":{"rendered":"https:\/\/congreso.ifdsarmiento.edu.ar\/?page_id=85"},"modified":"2023-04-18T02:00:59","modified_gmt":"2023-04-18T05:00:59","slug":"ponencias","status":"publish","type":"page","link":"https:\/\/congreso.ifdsarmiento.edu.ar\/index.php\/ponencias\/","title":{"rendered":"Ponencias"},"content":{"rendered":"<p>[et_pb_section fb_built=\u00bb1&#8243; _builder_version=\u00bb4.17.3&#8243; _module_preset=\u00bbdefault\u00bb background_enable_pattern_style=\u00bbon\u00bb background_pattern_style=\u00bbhoneycomb\u00bb background_pattern_color=\u00bbrgba(0,0,0,0.05)\u00bb global_colors_info=\u00bb{}\u00bb][et_pb_row _builder_version=\u00bb4.17.3&#8243; _module_preset=\u00bbdefault\u00bb global_colors_info=\u00bb{}\u00bb][et_pb_column type=\u00bb4_4&#8243; _builder_version=\u00bb4.17.3&#8243; _module_preset=\u00bbdefault\u00bb global_colors_info=\u00bb{}\u00bb][et_pb_text _builder_version=\u00bb4.17.3&#8243; _module_preset=\u00bbdefault\u00bb text_font=\u00bb|700|||||||\u00bb header_font=\u00bb|700|||||||\u00bb header_font_size=\u00bb35px\u00bb header_line_height=\u00bb1.2em\u00bb background_color=\u00bbrgba(12,203,242,0.54)\u00bb width=\u00bb80%\u00bb custom_padding=\u00bb10px|10px|5px|10px|false|true\u00bb border_radii=\u00bbon|10px|10px|10px|10px\u00bb global_colors_info=\u00bb{}\u00bb]<\/p>\n<h1>Ponencias<\/h1>\n<p>[\/et_pb_text][et_pb_text ul_position=\u00bbinside\u00bb ul_item_indent=\u00bb30px\u00bb _builder_version=\u00bb4.17.3&#8243; _module_preset=\u00bbdefault\u00bb text_font=\u00bb|600|||||||\u00bb text_font_size=\u00bb18px\u00bb ul_font=\u00bb|600|||||||\u00bb ul_font_size=\u00bb18px\u00bb header_4_font=\u00bb|600|||||||\u00bb header_4_font_size=\u00bb20px\u00bb background_color=\u00bb#FFFFFF\u00bb custom_margin=\u00bb40px||||false|false\u00bb custom_padding=\u00bb15px|15px|15px|15px|true|true\u00bb hover_enabled=\u00bb0&#8243; border_radii=\u00bbon|15px|15px|15px|15px\u00bb box_shadow_style=\u00bbpreset1&#8243; box_shadow_vertical=\u00bb0px\u00bb box_shadow_blur=\u00bb2px\u00bb box_shadow_spread=\u00bb1px\u00bb box_shadow_color=\u00bbrgba(12,203,242,0.54)\u00bb global_colors_info=\u00bb{}\u00bb sticky_enabled=\u00bb0&#8243;]<\/p>\n<p>Una vez aprobado el resumen, el\/los expositores deber\u00e1n presentar la ponencia, con una extensi\u00f3n de entre 8 y 10 carillas y con las siguientes caracter\u00edsticas:<\/p>\n<ul>\n<li>Deber\u00e1 estar encabezada por: T\u00edtulo del trabajo en negrita, expositor\/es (hasta 2 personas), mails, inserci\u00f3n institucional (Universidad, Centro de Investigaci\u00f3n, Facultad, Dependencia), mesa tem\u00e1tica a la cual va dirigida.<\/li>\n<li>Estructura:<\/li>\n<ul>\n<li>Introducci\u00f3n<\/li>\n<li>Desarrollo<\/li>\n<li>Discusiones finales<\/li>\n<li>Bibliograf\u00eda<\/li>\n<\/ul>\n<li>Formato de presentaci\u00f3n:<\/li>\n<ul>\n<li>Letra Times New Roman,<\/li>\n<li>Tama\u00f1o 12,<\/li>\n<li>T\u00edtulo del trabajo centralizado, y el resto del texto justificado<\/li>\n<li>Interlineado de 1,5<\/li>\n<li>M\u00e1rgenes de p\u00e1gina 2,5 (superior, inferior, izquierdo y derecho)<\/li>\n<li>En caso de presentar im\u00e1genes o ilustraciones, las mismas deben tener ep\u00edgrafe con letra Time New Roman, tama\u00f1o 10.<\/li>\n<li>Numeraci\u00f3n de p\u00e1gina al final y centrado.<\/li>\n<\/ul>\n<li>Referenciaci\u00f3n y citado: Normas APA 7ma edici\u00f3n.<\/li>\n<\/ul>\n<p>*Importante: Para propiciar y crear una instancia de di\u00e1logo entre los\/as expositores\/as sugerimos utilizar diapositivas, elementos de muestra y evitar s\u00f3lo la lectura en voz alta de las ponencias.<\/p>\n<p>[\/et_pb_text][et_pb_text ul_type=\u00bbcircle\u00bb ul_item_indent=\u00bb54px\u00bb _builder_version=\u00bb4.17.3&#8243; _module_preset=\u00bbdefault\u00bb ul_font=\u00bb|600|||||||\u00bb ul_font_size=\u00bb17px\u00bb header_font=\u00bb|600|||||||\u00bb header_font_size=\u00bb20px\u00bb header_4_font=\u00bb|600|||||||\u00bb header_4_font_size=\u00bb20px\u00bb header_5_font=\u00bb|600|||||||\u00bb header_5_font_size=\u00bb18px\u00bb header_5_line_height=\u00bb1.1em\u00bb background_color=\u00bb#FFFFFF\u00bb custom_margin=\u00bb40px||||false|false\u00bb custom_padding=\u00bb15px|15px|15px|15px|true|true\u00bb hover_enabled=\u00bb0&#8243; border_radii=\u00bbon|15px|15px|15px|15px\u00bb box_shadow_style=\u00bbpreset1&#8243; box_shadow_vertical=\u00bb0px\u00bb box_shadow_blur=\u00bb2px\u00bb box_shadow_spread=\u00bb1px\u00bb box_shadow_color=\u00bbrgba(12,203,242,0.54)\u00bb global_colors_info=\u00bb{}\u00bb sticky_enabled=\u00bb0&#8243; text_font=\u00bb|600|||||||\u00bb text_font_size=\u00bb18px\u00bb]<\/p>\n<h4>P\u00f3sters<\/h4>\n<p>Los p\u00f3sters deben incluir la siguiente informaci\u00f3n:<\/p>\n<ul>\n<li>T\u00edtulo de la experiencia o proyecto.<\/li>\n<li>Objetivos.<\/li>\n<li>Hip\u00f3tesis y\/ o metodolog\u00eda.<\/li>\n<li>Descripci\u00f3n de las principales acciones realizadas.<\/li>\n<li>Principales resultados\/conclusiones o preguntas a seguir pensando o investigando.<\/li>\n<li>Debe primar una organizaci\u00f3n visual concreta en la que no abunde texto y que pueda estar acompa\u00f1ada de im\u00e1genes,<br \/>fotos, gr\u00e1ficos. Es decir, debe ser conciso, legible a distancia y sint\u00e9tico ya que habr\u00e1 una instancia de socializaci\u00f3n en la que cada expositor podr\u00e1 ampliar el desarrollo de la experiencia.<\/li>\n<li>Datos de los\/as participantes: apellido y nombre (en orden alfab\u00e9tico), pertenencia institucional, e-mail.<\/li>\n<li>No olvidar colocar el logo de la instituci\u00f3n en caso de ser pertinente.<\/li>\n<li>El d\u00eda del evento, el p\u00f3ster debe llevarse impreso en tama\u00f1o 0,7 m x 1,0 m (vertical).<\/li>\n<li>Fecha l\u00edmite de env\u00edo: 11 de junio al mismo formulario de inscripci\u00f3n.<\/li>\n<\/ul>\n<p>[\/et_pb_text][et_pb_text ul_position=\u00bbinside\u00bb ul_item_indent=\u00bb54px\u00bb _builder_version=\u00bb4.17.3&#8243; _module_preset=\u00bbdefault\u00bb text_font=\u00bb|600|||||||\u00bb text_font_size=\u00bb17px\u00bb ul_font=\u00bb|600|||||||\u00bb ul_font_size=\u00bb17px\u00bb header_4_font=\u00bb|600|||||||\u00bb header_4_font_size=\u00bb20px\u00bb background_color=\u00bb#FFFFFF\u00bb custom_margin=\u00bb40px||||false|false\u00bb custom_padding=\u00bb15px|15px|15px|15px|true|true\u00bb hover_enabled=\u00bb0&#8243; border_radii=\u00bbon|15px|15px|15px|15px\u00bb box_shadow_style=\u00bbpreset1&#8243; box_shadow_vertical=\u00bb0px\u00bb box_shadow_blur=\u00bb2px\u00bb box_shadow_spread=\u00bb1px\u00bb box_shadow_color=\u00bbrgba(12,203,242,0.54)\u00bb global_colors_info=\u00bb{}\u00bb link_font=\u00bb||||on||||dotted\u00bb sticky_enabled=\u00bb0&#8243;]<\/p>\n<h4>Cronograma<\/h4>\n<ul>\n<li>Recepci\u00f3n de trabajos: hasta el 11 de junio.<\/li>\n<li>Congreso: 9 y 10 de noviembre de 2023.<\/li>\n<\/ul>\n<p>La inscripci\u00f3n tanto para expositores\/as como asistentes se completa en el siguiente formulario: <a>https:\/\/forms.gle\/5y3LuJheNpzWsJWE6<\/a><br \/>\n*Importante: los datos que ingresen ser\u00e1n tomados de manera directa para confeccionar su certificaci\u00f3n por lo que solicitamos ingresarlos y chequearlos cuidadosamente.<br \/>\n[\/et_pb_text][et_pb_text ul_position=\u00bbinside\u00bb ul_item_indent=\u00bb54px\u00bb _builder_version=\u00bb4.17.3&#8243; _module_preset=\u00bbdefault\u00bb text_font=\u00bb|600|||||||\u00bb text_font_size=\u00bb17px\u00bb ul_font=\u00bb|600|||||||\u00bb ul_font_size=\u00bb17px\u00bb header_4_font=\u00bb|600|||||||\u00bb header_4_font_size=\u00bb20px\u00bb background_color=\u00bb#FFFFFF\u00bb custom_margin=\u00bb40px||||false|false\u00bb custom_padding=\u00bb15px|15px|15px|15px|true|true\u00bb hover_enabled=\u00bb0&#8243; border_radii=\u00bbon|15px|15px|15px|15px\u00bb box_shadow_style=\u00bbpreset1&#8243; box_shadow_vertical=\u00bb0px\u00bb box_shadow_blur=\u00bb2px\u00bb box_shadow_spread=\u00bb1px\u00bb box_shadow_color=\u00bbrgba(12,203,242,0.54)\u00bb global_colors_info=\u00bb{}\u00bb link_font=\u00bb||||on||||dotted\u00bb sticky_enabled=\u00bb0&#8243;]<\/p>\n<h4>Aranceles<\/h4>\n<p>Agregar aqu\u00ed montos.<\/p>\n<h4>Consultas<\/h4>\n<p>Ante cualquier consulta, pueden comunicarse a nuestra casilla de correo:<br \/>\n<a href=\"mailto:congreso@ifdsarmiento.edu.ar\">congreso@ifdsarmiento.edu.ar<\/a><br \/>\n[\/et_pb_text][\/et_pb_column][\/et_pb_row][\/et_pb_section]<\/p>\n","protected":false},"excerpt":{"rendered":"<p>PonenciasUna vez aprobado el resumen, el\/los expositores deber\u00e1n presentar la ponencia, con una extensi\u00f3n de entre 8 y 10 carillas y con las siguientes caracter\u00edsticas: Deber\u00e1 estar encabezada por: T\u00edtulo del trabajo en negrita, expositor\/es (hasta 2 personas), mails, inserci\u00f3n institucional (Universidad, Centro de Investigaci\u00f3n, Facultad, Dependencia), mesa tem\u00e1tica a la cual va dirigida. Estructura: [&hellip;]<\/p>\n","protected":false},"author":2,"featured_media":0,"parent":0,"menu_order":0,"comment_status":"closed","ping_status":"closed","template":"","meta":{"_et_pb_use_builder":"on","_et_pb_old_content":"","_et_gb_content_width":"","footnotes":""},"class_list":["post-85","page","type-page","status-publish","hentry"],"aioseo_notices":[],"_links":{"self":[{"href":"https:\/\/congreso.ifdsarmiento.edu.ar\/index.php\/wp-json\/wp\/v2\/pages\/85","targetHints":{"allow":["GET"]}}],"collection":[{"href":"https:\/\/congreso.ifdsarmiento.edu.ar\/index.php\/wp-json\/wp\/v2\/pages"}],"about":[{"href":"https:\/\/congreso.ifdsarmiento.edu.ar\/index.php\/wp-json\/wp\/v2\/types\/page"}],"author":[{"embeddable":true,"href":"https:\/\/congreso.ifdsarmiento.edu.ar\/index.php\/wp-json\/wp\/v2\/users\/2"}],"replies":[{"embeddable":true,"href":"https:\/\/congreso.ifdsarmiento.edu.ar\/index.php\/wp-json\/wp\/v2\/comments?post=85"}],"version-history":[{"count":5,"href":"https:\/\/congreso.ifdsarmiento.edu.ar\/index.php\/wp-json\/wp\/v2\/pages\/85\/revisions"}],"predecessor-version":[{"id":96,"href":"https:\/\/congreso.ifdsarmiento.edu.ar\/index.php\/wp-json\/wp\/v2\/pages\/85\/revisions\/96"}],"wp:attachment":[{"href":"https:\/\/congreso.ifdsarmiento.edu.ar\/index.php\/wp-json\/wp\/v2\/media?parent=85"}],"curies":[{"name":"wp","href":"https:\/\/api.w.org\/{rel}","templated":true}]}}